{"id":14012,"date":"2018-02-16T10:46:20","date_gmt":"2018-02-16T10:46:20","guid":{"rendered":"http:\/\/relaunch.visio-lign.com\/imprint\/"},"modified":"2019-10-15T08:47:34","modified_gmt":"2019-10-15T08:47:34","slug":"impressum","status":"publish","type":"page","link":"https:\/\/www.visiolign.com\/de\/impressum\/","title":{"rendered":"Impressum"},"content":{"rendered":"\t\t<div data-elementor-type=\"wp-post\" data-elementor-id=\"14012\" class=\"elementor elementor-14012 elementor-5566 elementor-bc-flex-widget\" data-elementor-post-type=\"page\">\n\t\t\t\t\t\t<section class=\"elementor-section elementor-top-section elementor-element elementor-element-576e7cb1 elementor-section-boxed elementor-section-height-default elementor-section-height-default\" data-id=\"576e7cb1\" data-element_type=\"section\">\n\t\t\t\t\t\t<div class=\"elementor-container elementor-column-gap-default\">\n\t\t\t\t\t<div class=\"elementor-column elementor-col-100 elementor-top-column elementor-element elementor-element-20a0f68\" data-id=\"20a0f68\" data-element_type=\"column\">\n\t\t\t<div class=\"elementor-widget-wrap elementor-element-populated\">\n\t\t\t\t\t\t<div class=\"elementor-element elementor-element-60fc8f54 elementor-widget elementor-widget-text-editor\" data-id=\"60fc8f54\" data-element_type=\"widget\" data-widget_type=\"text-editor.default\">\n\t\t\t\t<div class=\"elementor-widget-container\">\n\t\t\t\t\t\t\t<h2>Impressum<\/h2><div class=\"common imprint\"><h3>Angaben im Rahmen des \u00a7 5 TMG<\/h3><p><span style=\"color: #ffffff;\">bredent GmbH &amp; Co. KG<\/span><br \/><span style=\"color: #ffffff;\">Wei\u00dfenhorner Stra\u00dfe 2<\/span><br \/><span style=\"color: #ffffff;\">89250 Senden<\/span><br \/><span style=\"color: #ffffff;\">Telefon: +49 7309 \/ 872-0<\/span><br \/><span style=\"color: #ffffff;\">Telefax: +49 7309 \/ 872-24<\/span><br \/><span style=\"color: #ffffff;\">E-Mail:<\/span> <span style=\"color: #ee7202;\"><a style=\"color: #ee7202;\" href=\"mailto:info@bredent.com\">info@bredent.com<\/a><\/span><br \/><span style=\"color: #ffffff;\">Internet:<\/span> <span style=\"color: #ee7202;\"><a style=\"color: #ee7202;\" href=\"http:\/\/www.bredent.com\/\">www.bredent.com<\/a><\/span><\/p><p><span style=\"color: #ffffff;\">bredent GmbH &amp; Co. KG<\/span><br \/><span style=\"color: #ffffff;\">Vertretungsberechtigter Gesch\u00e4ftsf\u00fchrer: : Peter Brehm, Brigitte Brehm<\/span><br \/><span style=\"color: #ffffff;\">Registergericht: Amtsgericht Memmingen<\/span><br \/><span style=\"color: #ffffff;\">Registernummer: HRA 11358<\/span><br \/><span style=\"color: #ffffff;\">Sitz der bredent GmbH &amp; Co. KG: 89250 Senden<\/span><\/p><p><span style=\"color: #ffffff;\">Pers\u00f6nlich haftende Gesellschafterin (Komplement\u00e4rin): bredent Beteiligungs- und Verwaltungs-GmbH<\/span><br \/><span style=\"color: #ffffff;\">Vertretungsberechtigter Gesch\u00e4ftsf\u00fchrer: Peter Brehm, Brigitte Brehm<\/span><br \/><span style=\"color: #ffffff;\">Registergericht: Amtsgericht Memmingen<\/span><br \/><span style=\"color: #ffffff;\">Registernummer: HRB 12912<\/span><br \/><span style=\"color: #ffffff;\">Sitz der bredent Beteiligungs- und Verwaltungs-GmbH: 89250 Senden<\/span><\/p><p><span style=\"color: #ee7202;\"><strong>Umsatzsteuer-Identifikationsnummer gem\u00e4\u00df \u00a7 27 a Umsatzsteuergesetz<\/strong><\/span><br \/><span style=\"color: #ffffff;\">DE 251580726<\/span><br \/><span style=\"color: #ffffff;\">WEEE-Reg.Nr. DE 22730329<\/span><\/p><p><span style=\"color: #ee7202;\"><strong>Inhaltlich Verantwortlicher gem\u00e4\u00df \u00a7 55 Abs. 2 RStV<\/strong><\/span><br \/><span style=\"color: #ffffff;\">Milko Wrona (Anschrift wie oben)<\/span><\/p><p><span style=\"color: #ee7202;\"><strong>Datenschutzbeauftragter<\/strong><\/span><br \/><span style=\"color: #ffffff;\">T: +49 (0) 7309 872-301<\/span><br \/><span style=\"color: #ffffff;\">@:<\/span> <span style=\"color: #ee7202;\"><a style=\"color: #ee7202;\" href=\"mailto:Datenschutz@bredent.com?subject=Datenschutz\">Datenschutz(at)bredent.com<\/a><\/span><\/p><p><span style=\"color: #ee7202;\"><strong>Online-Streitbeilegung f\u00fcr Verbraucher, Teilnahme am Streitbeilegungsverfahren<\/strong><\/span><br \/><span style=\"color: #ffffff;\">(1) Die bredent GmbH &amp; Co. KG ist grunds\u00e4tzlich nicht bereit und verpflichtet, an Streitbeilegungsverfahren vor einer Verbraucherschlichtungsstelle teilzunehmen.<\/span><br \/><span style=\"color: #ffffff;\">(2) Plattform der EU-Kommission zur Online-Streitbeilegung:<\/span><br \/><span style=\"color: #ee7202;\"><a style=\"color: #ee7202;\" href=\"https:\/\/www.ec.europa.eu\/consumers\/odr\" target=\"_blank\" rel=\"noopener noreferrer\">https:\/\/www.ec.europa.eu\/consumers\/odr<\/a><\/span><\/p><p><span style=\"color: #ee7202;\"><strong>Serverbetrieb \/ Host<\/strong><\/span><br \/><a href=\"http:\/\/www.imos.net\"><span style=\"color: #ee7202;\"><span style=\"color: #ffffff;\">Standort G\u00f6ppingen<\/span><\/span><\/a><br \/><span style=\"color: #ffffff;\">imos Gesellschaft f\u00fcr<\/span><br \/><span style=\"color: #ffffff;\">Internet-Marketing und<\/span><br \/><span style=\"color: #ffffff;\">Online-Services mbH<\/span><br \/><span style=\"color: #ffffff;\">Alfons-Feifel-Str. 9<\/span><br \/><span style=\"color: #ffffff;\">73037 G\u00f6ppingen<\/span><br \/><span style=\"color: #ffffff;\">Telefon: +49 7161 93339-0<\/span><br \/><span style=\"color: #ffffff;\">Telefax: +49 7161 93339-99<\/span><br \/><span style=\"color: #ffffff;\">E-Mail:<\/span> <span style=\"color: #ee7202;\"><a style=\"color: #ee7202;\" href=\"mailto:info@imos.net\">info@imos.net<\/a><\/span><br \/><span style=\"color: #ffffff;\">Internet:<\/span> <span style=\"color: #ee7202;\"><a style=\"color: #ee7202;\" href=\"http:\/\/www.imos.net\/\" target=\"_blank\" rel=\"noopener noreferrer\">www.imos.net<\/a><\/span><\/p><p><span style=\"color: #ee7202;\"><strong>Hinweis<br \/>Nicht alle Produkte sind auf allen M\u00e4rkten zugelassen und erh\u00e4ltlich.<br \/>Bei Fragen wenden Sie sich bitte an die Firma bredent GmbH &amp; Co. KG<br \/>oder an Ihren Vertriebspartner.<\/strong><\/span><\/p><h3><strong>DISCLAIMER<\/strong><\/h3><ol><li><em><strong>Haftungsbeschr\u00e4nkung<\/strong><\/em><br \/><span style=\"color: #ffffff;\">Die Inhalte dieser Website werden mit gr\u00f6\u00dftm\u00f6glicher Sorgfalt erstellt.<\/span><br \/><span style=\"color: #ffffff;\">Der Anbieter \u00fcbernimmt jedoch keine Gew\u00e4hr f\u00fcr die Richtigkeit, Vollst\u00e4ndigkeit<\/span><br \/><span style=\"color: #ffffff;\">und Aktualit\u00e4t der bereitgestellten Inhalte. Die Nutzung der Inhalte<\/span><br \/><span style=\"color: #ffffff;\">der Website erfolgt auf eigene Gefahr des Nutzers. Namentlich gekennzeichnete<\/span><br \/><span style=\"color: #ffffff;\">Beitr\u00e4ge geben die Meinung des jeweiligen Autors und nicht immer<\/span><br \/><span style=\"color: #ffffff;\">die Meinung des Anbieters wieder. Mit der reinen Nutzung der Website des<\/span><br \/><span style=\"color: #ffffff;\">Anbieters kommt keinerlei Vertragsverh\u00e4ltnis zwischen dem Nutzer und<\/span><br \/><span style=\"color: #ffffff;\">dem Anbieter zustande.<\/span><\/li><\/ol><p style=\"padding-left: 30px;\"><em><strong>2. Externe Links<\/strong><\/em><br \/><span style=\"color: #ffffff;\">Diese Website enth\u00e4lt Verkn\u00fcpfungen zu Websites Dritter (&#8222;externe Links&#8220;).<\/span><br \/><span style=\"color: #ffffff;\">Diese Websites unterliegen der Haftung der jeweiligen Betreiber. Der Anbieter<\/span><br \/><span style=\"color: #ffffff;\">hat bei der erstmaligen Verkn\u00fcpfung der externen Links die fremden Inhalte<\/span><br \/><span style=\"color: #ffffff;\">daraufhin \u00fcberpr\u00fcft, ob etwaige Rechtsverst\u00f6\u00dfe bestehen. Zu dem Zeitpunkt<\/span><br \/><span style=\"color: #ffffff;\">waren keine Rechtsverst\u00f6\u00dfe ersichtlich. Der Anbieter hat keinerlei Einfluss<\/span><br \/><span style=\"color: #ffffff;\">auf die aktuelle und zuk\u00fcnftige Gestaltung und auf die Inhalte der verkn\u00fcpften<\/span><br \/><span style=\"color: #ffffff;\">Seiten. Das Setzen von externen Links bedeutet nicht, dass sich der Anbieter<\/span><br \/><span style=\"color: #ffffff;\">die hinter dem Verweis oder Link liegenden Inhalte zu Eigen macht. Eine st\u00e4n-<\/span><br \/><span style=\"color: #ffffff;\">dige Kontrolle der externen Links ist f\u00fcr den Anbieter ohne konkrete Hinweise<\/span><br \/><span style=\"color: #ffffff;\">auf Rechtsverst\u00f6\u00dfe nicht zumutbar. Bei Kenntnis von Rechtsverst\u00f6\u00dfen werden<\/span><br \/><span style=\"color: #ffffff;\">jedoch derartige externe Links unverz\u00fcglich gel\u00f6scht.<\/span><\/p><p style=\"padding-left: 30px;\"><em><strong>3. Urheber- und Leistungsschutzrechte<\/strong><\/em><br \/><span style=\"color: #ffffff;\">Die auf dieser Website ver\u00f6ffentlichten Inhalte unterliegen dem deutschen<\/span><br \/><span style=\"color: #ffffff;\">Urheber- und Leistungsschutzrecht. Jede vom deutschen Urheber- und<\/span><br \/><span style=\"color: #ffffff;\">Leistungsschutzrecht nicht zugelassene Verwertung bedarf der vorherigen<\/span><br \/><span style=\"color: #ffffff;\">schriftlichen Zustimmung des Anbieters oder jeweiligen Rechteinhabers.<\/span><br \/><span style=\"color: #ffffff;\">Dies gilt insbesondere f\u00fcr Vervielf\u00e4ltigung, Bearbeitung, \u00dcbersetzung, Ein-<\/span><br \/><span style=\"color: #ffffff;\">speicherung, Verarbeitung bzw. Wiedergabe von Inhalten in Datenbanken<\/span><br \/><span style=\"color: #ffffff;\">oder anderen elektronischen Medien und Systemen. Inhalte und Rechte<\/span><br \/><span style=\"color: #ffffff;\">Dritter sind dabei als solche gekennzeichnet. Die unerlaubte Vervielf\u00e4ltigung<\/span><br \/><span style=\"color: #ffffff;\">oder Weitergabe einzelner Inhalte oder kompletter Seiten ist nicht gestattet<\/span><br \/><span style=\"color: #ffffff;\">und strafbar. Lediglich die Herstellung von Kopien und Downloads f\u00fcr den<\/span><br \/><span style=\"color: #ffffff;\">pers\u00f6nlichen, privaten und nicht kommerziellen Gebrauch ist erlaubt.<\/span><br \/><span style=\"color: #ffffff;\">Die Darstellung dieser Website in fremden Frames ist nur mit schriftlicher<\/span><br \/><span style=\"color: #ffffff;\">Erlaubnis zul\u00e4ssig.<\/span><\/p><p style=\"padding-left: 30px;\"><strong><em>4. Datenschutz<\/em><\/strong><\/p><p style=\"padding-left: 30px;\"><span style=\"color: #ee7202;\"><em><a style=\"color: #ee7202;\" href=\"\/?page_id=14060\" rel=\"noopener\">Datenschutzkl\u00e4rung<\/a><\/em><\/span><\/p><p style=\"padding-left: 30px;\"><span style=\"color: #ffffff;\">Die Verwendung der Kontaktdaten des Impressums zur gewerblichen Werbung<\/span><br \/><span style=\"color: #ffffff;\">ist ausdr\u00fccklich nicht erw\u00fcnscht, es sei denn der Anbieter hatte zuvor seine schriftliche<\/span><br \/><span style=\"color: #ffffff;\">Einwilligung erteilt oder es besteht bereits eine Gesch\u00e4ftsbeziehung. Der Anbieter<\/span><br \/><span style=\"color: #ffffff;\">und alle auf dieser Website genannten Personen widersprechen hiermit jeder kom-<\/span><br \/><span style=\"color: #ffffff;\">merziellen Verwendung und Weitergabe ihrer Daten.<\/span><\/p><p style=\"padding-left: 30px;\"><strong><em>5. Besondere Nutzungsbedingungen<\/em><\/strong><br \/><span style=\"color: #ffffff;\">Soweit besondere Bedingungen f\u00fcr einzelne Nutzungen dieser Website<\/span><br \/><span style=\"color: #ffffff;\">von den vorgenannten Nummern 1. bis 4. abweichen, wird an entsprechender<\/span><br \/><span style=\"color: #ffffff;\">Stelle ausdr\u00fccklich darauf hingewiesen. In diesem Falle gelten im jeweiligen<\/span><br \/><span style=\"color: #ffffff;\">Einzelfall die besonderen Nutzungsbedingungen.<\/span><\/p><\/div>\t\t\t\t\t\t<\/div>\n\t\t\t\t<\/div>\n\t\t\t\t\t<\/div>\n\t\t<\/div>\n\t\t\t\t\t<\/div>\n\t\t<\/section>\n\t\t\t\t<\/div>\n\t\t","protected":false},"excerpt":{"rendered":"<p>Impressum Angaben im Rahmen des \u00a7 5 TMG bredent GmbH &amp; Co. KGWei\u00dfenhorner Stra\u00dfe 289250 SendenTelefon: +49 7309 \/ 872-0Telefax: +49 7309 \/ 872-24E-Mail: info@bredent.comInternet: www.bredent.com bredent GmbH &amp; Co. KGVertretungsberechtigter Gesch\u00e4ftsf\u00fchrer: : Peter Brehm, Brigitte BrehmRegistergericht: Amtsgericht MemmingenRegisternummer: HRA 11358Sitz der bredent GmbH &amp; Co. KG: 89250 Senden Pers\u00f6nlich haftende Gesellschafterin (Komplement\u00e4rin): bredent Beteiligungs- [&hellip;]<\/p>\n","protected":false},"author":1,"featured_media":0,"parent":0,"menu_order":10,"comment_status":"closed","ping_status":"closed","template":"","meta":{"footnotes":""},"yoast_head":"<!-- This site is optimized with the Yoast SEO plugin v23.0 - https:\/\/yoast.com\/wordpress\/plugins\/seo\/ -->\n<title>Impressum - visio.lign<\/title>\n<meta name=\"robots\" content=\"index, follow, max-snippet:-1, max-image-preview:large, max-video-preview:-1\" \/>\n<link rel=\"canonical\" href=\"https:\/\/www.visiolign.com\/de\/impressum\/\" \/>\n<meta property=\"og:locale\" content=\"de_DE\" \/>\n<meta property=\"og:type\" content=\"article\" \/>\n<meta property=\"og:title\" content=\"Impressum - visio.lign\" \/>\n<meta property=\"og:description\" content=\"Impressum Angaben im Rahmen des \u00a7 5 TMG bredent GmbH &amp; Co. KGWei\u00dfenhorner Stra\u00dfe 289250 SendenTelefon: +49 7309 \/ 872-0Telefax: +49 7309 \/ 872-24E-Mail: info@bredent.comInternet: www.bredent.com bredent GmbH &amp; Co. KGVertretungsberechtigter Gesch\u00e4ftsf\u00fchrer: : Peter Brehm, Brigitte BrehmRegistergericht: Amtsgericht MemmingenRegisternummer: HRA 11358Sitz der bredent GmbH &amp; Co. KG: 89250 Senden Pers\u00f6nlich haftende Gesellschafterin (Komplement\u00e4rin): bredent Beteiligungs- [&hellip;]\" \/>\n<meta property=\"og:url\" content=\"https:\/\/www.visiolign.com\/de\/impressum\/\" \/>\n<meta property=\"og:site_name\" content=\"visio.lign\" \/>\n<meta property=\"article:publisher\" content=\"https:\/\/www.facebook.com\/bredent-group-Deutschland-1705651446400964\/\" \/>\n<meta property=\"article:modified_time\" content=\"2019-10-15T08:47:34+00:00\" \/>\n<meta name=\"twitter:card\" content=\"summary_large_image\" \/>\n<meta name=\"twitter:label1\" content=\"Gesch\u00e4tzte Lesezeit\" \/>\n\t<meta name=\"twitter:data1\" content=\"3 Minuten\" \/>\n<script type=\"application\/ld+json\" class=\"yoast-schema-graph\">{\"@context\":\"https:\/\/schema.org\",\"@graph\":[{\"@type\":\"WebPage\",\"@id\":\"https:\/\/www.visiolign.com\/de\/impressum\/\",\"url\":\"https:\/\/www.visiolign.com\/de\/impressum\/\",\"name\":\"Impressum - visio.lign\",\"isPartOf\":{\"@id\":\"https:\/\/www.visiolign.com\/#website\"},\"datePublished\":\"2018-02-16T10:46:20+00:00\",\"dateModified\":\"2019-10-15T08:47:34+00:00\",\"breadcrumb\":{\"@id\":\"https:\/\/www.visiolign.com\/de\/impressum\/#breadcrumb\"},\"inLanguage\":\"de-DE\",\"potentialAction\":[{\"@type\":\"ReadAction\",\"target\":[\"https:\/\/www.visiolign.com\/de\/impressum\/\"]}]},{\"@type\":\"BreadcrumbList\",\"@id\":\"https:\/\/www.visiolign.com\/de\/impressum\/#breadcrumb\",\"itemListElement\":[{\"@type\":\"ListItem\",\"position\":1,\"name\":\"Home\",\"item\":\"https:\/\/www.visiolign.com\/\"},{\"@type\":\"ListItem\",\"position\":2,\"name\":\"Impressum\"}]},{\"@type\":\"WebSite\",\"@id\":\"https:\/\/www.visiolign.com\/#website\",\"url\":\"https:\/\/www.visiolign.com\/\",\"name\":\"visio.lign\",\"description\":\"Das \u00c4sthetik- und Funktionssystem\",\"publisher\":{\"@id\":\"https:\/\/www.visiolign.com\/#organization\"},\"potentialAction\":[{\"@type\":\"SearchAction\",\"target\":{\"@type\":\"EntryPoint\",\"urlTemplate\":\"https:\/\/www.visiolign.com\/?s={search_term_string}\"},\"query-input\":\"required name=search_term_string\"}],\"inLanguage\":\"de-DE\"},{\"@type\":\"Organization\",\"@id\":\"https:\/\/www.visiolign.com\/#organization\",\"name\":\"bredent group\",\"url\":\"https:\/\/www.visiolign.com\/\",\"logo\":{\"@type\":\"ImageObject\",\"inLanguage\":\"de-DE\",\"@id\":\"https:\/\/www.visiolign.com\/#\/schema\/logo\/image\/\",\"url\":\"https:\/\/www.visiolign.com\/wp-content\/uploads\/2019\/01\/bredent-group-Black-Logo-PNG-file.png\",\"contentUrl\":\"https:\/\/www.visiolign.com\/wp-content\/uploads\/2019\/01\/bredent-group-Black-Logo-PNG-file.png\",\"width\":1579,\"height\":330,\"caption\":\"bredent group\"},\"image\":{\"@id\":\"https:\/\/www.visiolign.com\/#\/schema\/logo\/image\/\"},\"sameAs\":[\"https:\/\/www.facebook.com\/bredent-group-Deutschland-1705651446400964\/\",\"https:\/\/www.youtube.com\/playlist?list=PLLTk1xXHVJE-wazMWJlA_JBho4BoUGHct\"]}]}<\/script>\n<!-- \/ Yoast SEO plugin. -->","yoast_head_json":{"title":"Impressum - visio.lign","robots":{"index":"index","follow":"follow","max-snippet":"max-snippet:-1","max-image-preview":"max-image-preview:large","max-video-preview":"max-video-preview:-1"},"canonical":"https:\/\/www.visiolign.com\/de\/impressum\/","og_locale":"de_DE","og_type":"article","og_title":"Impressum - visio.lign","og_description":"Impressum Angaben im Rahmen des \u00a7 5 TMG bredent GmbH &amp; Co. KGWei\u00dfenhorner Stra\u00dfe 289250 SendenTelefon: +49 7309 \/ 872-0Telefax: +49 7309 \/ 872-24E-Mail: info@bredent.comInternet: www.bredent.com bredent GmbH &amp; Co. KGVertretungsberechtigter Gesch\u00e4ftsf\u00fchrer: : Peter Brehm, Brigitte BrehmRegistergericht: Amtsgericht MemmingenRegisternummer: HRA 11358Sitz der bredent GmbH &amp; Co. KG: 89250 Senden Pers\u00f6nlich haftende Gesellschafterin (Komplement\u00e4rin): bredent Beteiligungs- [&hellip;]","og_url":"https:\/\/www.visiolign.com\/de\/impressum\/","og_site_name":"visio.lign","article_publisher":"https:\/\/www.facebook.com\/bredent-group-Deutschland-1705651446400964\/","article_modified_time":"2019-10-15T08:47:34+00:00","twitter_card":"summary_large_image","twitter_misc":{"Gesch\u00e4tzte Lesezeit":"3 Minuten"},"schema":{"@context":"https:\/\/schema.org","@graph":[{"@type":"WebPage","@id":"https:\/\/www.visiolign.com\/de\/impressum\/","url":"https:\/\/www.visiolign.com\/de\/impressum\/","name":"Impressum - visio.lign","isPartOf":{"@id":"https:\/\/www.visiolign.com\/#website"},"datePublished":"2018-02-16T10:46:20+00:00","dateModified":"2019-10-15T08:47:34+00:00","breadcrumb":{"@id":"https:\/\/www.visiolign.com\/de\/impressum\/#breadcrumb"},"inLanguage":"de-DE","potentialAction":[{"@type":"ReadAction","target":["https:\/\/www.visiolign.com\/de\/impressum\/"]}]},{"@type":"BreadcrumbList","@id":"https:\/\/www.visiolign.com\/de\/impressum\/#breadcrumb","itemListElement":[{"@type":"ListItem","position":1,"name":"Home","item":"https:\/\/www.visiolign.com\/"},{"@type":"ListItem","position":2,"name":"Impressum"}]},{"@type":"WebSite","@id":"https:\/\/www.visiolign.com\/#website","url":"https:\/\/www.visiolign.com\/","name":"visio.lign","description":"Das \u00c4sthetik- und Funktionssystem","publisher":{"@id":"https:\/\/www.visiolign.com\/#organization"},"potentialAction":[{"@type":"SearchAction","target":{"@type":"EntryPoint","urlTemplate":"https:\/\/www.visiolign.com\/?s={search_term_string}"},"query-input":"required name=search_term_string"}],"inLanguage":"de-DE"},{"@type":"Organization","@id":"https:\/\/www.visiolign.com\/#organization","name":"bredent group","url":"https:\/\/www.visiolign.com\/","logo":{"@type":"ImageObject","inLanguage":"de-DE","@id":"https:\/\/www.visiolign.com\/#\/schema\/logo\/image\/","url":"https:\/\/www.visiolign.com\/wp-content\/uploads\/2019\/01\/bredent-group-Black-Logo-PNG-file.png","contentUrl":"https:\/\/www.visiolign.com\/wp-content\/uploads\/2019\/01\/bredent-group-Black-Logo-PNG-file.png","width":1579,"height":330,"caption":"bredent group"},"image":{"@id":"https:\/\/www.visiolign.com\/#\/schema\/logo\/image\/"},"sameAs":["https:\/\/www.facebook.com\/bredent-group-Deutschland-1705651446400964\/","https:\/\/www.youtube.com\/playlist?list=PLLTk1xXHVJE-wazMWJlA_JBho4BoUGHct"]}]}},"_links":{"self":[{"href":"https:\/\/www.visiolign.com\/de\/wp-json\/wp\/v2\/pages\/14012"}],"collection":[{"href":"https:\/\/www.visiolign.com\/de\/wp-json\/wp\/v2\/pages"}],"about":[{"href":"https:\/\/www.visiolign.com\/de\/wp-json\/wp\/v2\/types\/page"}],"author":[{"embeddable":true,"href":"https:\/\/www.visiolign.com\/de\/wp-json\/wp\/v2\/users\/1"}],"replies":[{"embeddable":true,"href":"https:\/\/www.visiolign.com\/de\/wp-json\/wp\/v2\/comments?post=14012"}],"version-history":[{"count":0,"href":"https:\/\/www.visiolign.com\/de\/wp-json\/wp\/v2\/pages\/14012\/revisions"}],"wp:attachment":[{"href":"https:\/\/www.visiolign.com\/de\/wp-json\/wp\/v2\/media?parent=14012"}],"curies":[{"name":"wp","href":"https:\/\/api.w.org\/{rel}","templated":true}]}}